{"id":6530,"date":"2020-09-03T08:31:04","date_gmt":"2020-09-03T08:31:04","guid":{"rendered":"https:\/\/visitnavarra.info\/visitnavarra\/?page_id=6530"},"modified":"2021-02-23T10:59:48","modified_gmt":"2021-02-23T10:59:48","slug":"rutas-por-navarra","status":"publish","type":"page","link":"https:\/\/visitnavarra.info\/visitnavarra\/rutas-por-navarra\/","title":{"rendered":"Rutas por Navarra"},"content":{"rendered":"<p>[vc_row][vc_column width=&#8221;1\/1&#8243;][vc_column_text]<\/p>\n<h3 style=\"text-align: center;\">En esta secci\u00f3n te mostramos una relaci\u00f3n de rutas que recorren Navarra de norte a sur: los <strong>Pirineos Atl\u00e1nticos<\/strong> y <strong>Orientales<\/strong>, los Valles de <strong>Aralar<\/strong>, <strong>Ulzama<\/strong>, <strong>Roncal<\/strong> y <strong>Salazar<\/strong>, <strong>Tierra Estella<\/strong>, <strong>Zona Media<\/strong> y la <strong>Ribera<\/strong>.<\/h3>\n<p>[\/vc_column_text]<div class=\"single_image wpb_content_element align-left    \" data-animation=\"none\" data-delay=\"0\"><img loading=\"lazy\" decoding=\"async\" width=\"2400\" height=\"1044\" src=\"https:\/\/visitnavarra.info\/visitnavarra\/wp-content\/uploads\/2020\/12\/Hayedo-Aralar-rutas-navarra.jpg\" class=\"attachment-full\" alt=\"\" srcset=\"https:\/\/visitnavarra.info\/visitnavarra\/wp-content\/uploads\/2020\/12\/Hayedo-Aralar-rutas-navarra.jpg 2400w, https:\/\/visitnavarra.info\/visitnavarra\/wp-content\/uploads\/2020\/12\/Hayedo-Aralar-rutas-navarra-300x131.jpg 300w, https:\/\/visitnavarra.info\/visitnavarra\/wp-content\/uploads\/2020\/12\/Hayedo-Aralar-rutas-navarra-1024x445.jpg 1024w, https:\/\/visitnavarra.info\/visitnavarra\/wp-content\/uploads\/2020\/12\/Hayedo-Aralar-rutas-navarra-768x334.jpg 768w, https:\/\/visitnavarra.info\/visitnavarra\/wp-content\/uploads\/2020\/12\/Hayedo-Aralar-rutas-navarra-1536x668.jpg 1536w, https:\/\/visitnavarra.info\/visitnavarra\/wp-content\/uploads\/2020\/12\/Hayedo-Aralar-rutas-navarra-2048x891.jpg 2048w\" sizes=\"auto, (max-width: 2400px) 100vw, 2400px\" \/><\/div>[\/vc_column][\/vc_row][vc_row][vc_column width=&#8221;1\/1&#8243;]<div class=\"divider-title align-center\" ><\/div>[\/vc_column][\/vc_row][vc_row][vc_column width=&#8221;1\/3&#8243;][vc_column_text]<\/p>\n<h3 style=\"text-align: center;\"><strong>Ruta Aralar y el Valle de Ulzama<\/strong><\/h3>\n<p>[\/vc_column_text]<div class=\"single_image wpb_content_element align-center    \" data-animation=\"none\" data-delay=\"0\"><img loading=\"lazy\" decoding=\"async\" width=\"350\" height=\"263\" src=\"https:\/\/visitnavarra.info\/visitnavarra\/wp-content\/uploads\/2020\/12\/Hayedo-Aralar-350.jpg\" class=\"attachment-full\" alt=\"\" srcset=\"https:\/\/visitnavarra.info\/visitnavarra\/wp-content\/uploads\/2020\/12\/Hayedo-Aralar-350.jpg 350w, https:\/\/visitnavarra.info\/visitnavarra\/wp-content\/uploads\/2020\/12\/Hayedo-Aralar-350-300x225.jpg 300w\" sizes=\"auto, (max-width: 350px) 100vw, 350px\" \/><\/div>[vc_column_text]<\/p>\n<p style=\"text-align: left;\"><strong>SIERRA DE ARALAR Y EL VALLE DE LA ULZAMA:<\/strong><br \/>\n<strong>San Miguel de Aralar-Nacedero del Larr\u00e1un-Robledal de Orgi<\/strong><\/p>\n<p>Estas tierras son de una belleza espectacular, de nuevo sorprende el verdor de la Navarra H\u00fameda y el encanto de unos pueblos peque\u00f1os y ganaderos.<br \/>\nEn <strong>Aralar<\/strong> se conjuga el esplendor agresivo de las crestas de los montes copados con los m\u00e1s de 60 d\u00f3lmenes y en la <strong>Ulzama<\/strong>, el entorno se suaviza y los prados y valles crean una sensaci\u00f3n de paz dif\u00edcilmente igualable.<\/p>\n<p><a href=\"https:\/\/visitnavarra.info\/visitnavarra\/ruta-aralar-y-el-valle-de-la-ulzama\/\">Contenido completo<\/a>[\/vc_column_text][\/vc_column][vc_column width=&#8221;1\/3&#8243;][vc_column_text]<\/p>\n<h3 style=\"text-align: center;\"><strong>Ruta Entre Foces<\/strong><\/h3>\n<p>[\/vc_column_text]<div class=\"single_image wpb_content_element align-center    \" data-animation=\"none\" data-delay=\"0\"><img loading=\"lazy\" decoding=\"async\" width=\"350\" height=\"263\" src=\"https:\/\/visitnavarra.info\/visitnavarra\/wp-content\/uploads\/2020\/12\/Foz-Lumbier-350.jpg\" class=\"attachment-full\" alt=\"\" srcset=\"https:\/\/visitnavarra.info\/visitnavarra\/wp-content\/uploads\/2020\/12\/Foz-Lumbier-350.jpg 350w, https:\/\/visitnavarra.info\/visitnavarra\/wp-content\/uploads\/2020\/12\/Foz-Lumbier-350-300x225.jpg 300w\" sizes=\"auto, (max-width: 350px) 100vw, 350px\" \/><\/div>[vc_column_text]<strong>FOZ DE LUMBIER Y FOZ DE ARBAIUN<\/strong><\/p>\n<p>En la <strong>Foz de Lumbier o en la de Arbaiun,<\/strong> uno siente, indefenso, la fuerza de la Naturaleza. Nos golpea el poder del agua y la erosi\u00f3n, que durante millones de a\u00f1os, lograron cavar gargantas en la monta\u00f1a.<\/p>\n<p>Son parajes inaccesibles de paredes verticales, cauces profundos, roquedos surcados por grietas y cuevas, refugio de muchos animales, en especial aves. Predominan los buitres leonados, quebrantahuesos, halcones, milanos.<\/p>\n<p><a href=\"https:\/\/visitnavarra.info\/visitnavarra\/ruta-entre-foces\/\">Contenido completo<\/a>[\/vc_column_text][\/vc_column][vc_column width=&#8221;1\/3&#8243;][vc_column_text]<\/p>\n<h3 style=\"text-align: center;\"><strong>Ruta Pirineos Atl\u00e1nticos<\/strong><\/h3>\n<p>[\/vc_column_text]<div class=\"single_image wpb_content_element align-center    \" data-animation=\"none\" data-delay=\"0\"><img loading=\"lazy\" decoding=\"async\" class=\"\" src=\"https:\/\/visitnavarra.info\/visitnavarra\/wp-content\/uploads\/2020\/12\/Cueva_de_Urdax_Urdazubi_Navarra-1024x575-1-350x263.jpg\" width=\"350\" height=\"263\" alt=\"Cueva_de_Urdax_Urdazubi_Navarra-1024x575\" title=\"Cueva_de_Urdax_Urdazubi_Navarra-1024x575\" \/><\/div>[vc_column_text]<strong>PIRINEOS ATL\u00c1NTICOS: Se\u00f1or\u00edo de B\u00e9rtiz-Elizondo-Cuevas de Urdax-Cuevas de Zugarramurdi<\/strong><\/p>\n<p>En el <strong>valle del Bazt\u00e1n<\/strong>, la magia propia del norte de Navarra corona unos paisajes fascinantes, unos pueblos llenos de sencillez y una gastronom\u00eda extraordinaria. La riqueza de sus extensos pastizales siempre verdes se refleja en las reses de este id\u00edlico lugar. Los robles y las hayas predominan en los bosques frondosos. Los montes, poco a poco, pierden altura conforme se aproximan al Cant\u00e1brico.<br \/>\nEl valle de Bazt\u00e1n, con lluvias frecuentes, destaca por el verdor de su paisaje.<\/p>\n<p><a href=\"https:\/\/visitnavarra.info\/visitnavarra\/pirineos-atlanticos-senorio-de-bertiz-elizondo-cuevas-de-urdax-cuevas-de-zugarramurdi\/\">Contenido completo<\/a>[\/vc_column_text][\/vc_column][\/vc_row][vc_row][vc_column width=&#8221;1\/1&#8243;]<div class=\"divider-title align-center\" ><\/div>[\/vc_column][\/vc_row][vc_row][vc_column width=&#8221;1\/3&#8243;][vc_column_text]<\/p>\n<h3 style=\"text-align: center;\"><strong>Ruta Pirineos Orientales<\/strong><\/h3>\n<p>[\/vc_column_text]<div class=\"single_image wpb_content_element align-center    \" data-animation=\"none\" data-delay=\"0\"><img loading=\"lazy\" decoding=\"async\" width=\"350\" height=\"263\" src=\"https:\/\/visitnavarra.info\/visitnavarra\/wp-content\/uploads\/2020\/12\/Betelu-350.jpg\" class=\"attachment-full\" alt=\"\" srcset=\"https:\/\/visitnavarra.info\/visitnavarra\/wp-content\/uploads\/2020\/12\/Betelu-350.jpg 350w, https:\/\/visitnavarra.info\/visitnavarra\/wp-content\/uploads\/2020\/12\/Betelu-350-300x225.jpg 300w\" sizes=\"auto, (max-width: 350px) 100vw, 350px\" \/><\/div>[vc_column_text]<strong>PIRINEOS ORIENTALES: Roncesvalles-Irati-F\u00e1brica Orbaiceta-Selva Irati<\/strong><\/p>\n<p>Esta es la ocasi\u00f3n de recorrer <strong>una parte del Camino de Santiago<\/strong>, pero al rev\u00e9s. Y es que, desde el fascinante conjunto monumental de Roncesvalles, surge la ruta jacobea en Espa\u00f1a. Un camino inmerso en la hermosura de los verdes paisajes forales y la hospitalidad de sus bonitos pueblos.<\/p>\n<p><a href=\"https:\/\/visitnavarra.info\/visitnavarra\/ruta-pirineos-orientales\/\">Contenido completo<\/a>[\/vc_column_text][\/vc_column][vc_column width=&#8221;1\/3&#8243;][vc_column_text]<\/p>\n<h3 style=\"text-align: center;\"><strong>Ruta Ribera<\/strong><\/h3>\n<p>[\/vc_column_text]<div class=\"single_image wpb_content_element align-center    \" data-animation=\"none\" data-delay=\"0\"><img loading=\"lazy\" decoding=\"async\" width=\"350\" height=\"263\" src=\"https:\/\/visitnavarra.info\/visitnavarra\/wp-content\/uploads\/2020\/12\/Bardenas-Reales-nicolas-beltran-lopez-S5whvFuDJ_M-unsplash-350.jpg\" class=\"attachment-full\" alt=\"\" srcset=\"https:\/\/visitnavarra.info\/visitnavarra\/wp-content\/uploads\/2020\/12\/Bardenas-Reales-nicolas-beltran-lopez-S5whvFuDJ_M-unsplash-350.jpg 350w, https:\/\/visitnavarra.info\/visitnavarra\/wp-content\/uploads\/2020\/12\/Bardenas-Reales-nicolas-beltran-lopez-S5whvFuDJ_M-unsplash-350-300x225.jpg 300w\" sizes=\"auto, (max-width: 350px) 100vw, 350px\" \/><\/div>[vc_column_text]<strong>RUTA RIBERA: Las Bardenas-Monasterio de la Oliva-Pe\u00f1alen-Tudela<\/strong><\/p>\n<p>Si Navarra es tierra de contrastes, las Bardenas son su extremo m\u00e1s radical. Un desierto en pleno norte peninsular, un cachito del S\u00e1hara cambiante por la erosi\u00f3n que nos hace imaginar pistoleros del Lejano Oriente enfrent\u00e1ndose al bandido forastero. Las Bardenas, territorio hist\u00f3rico de paso de ca\u00f1adas, seguro nos ha de impactar. Tiene una fort\u00edsima erosi\u00f3n que consigue caprichosos y cambiantes cabezos, cerros y barrancos.<\/p>\n<p><a href=\"https:\/\/visitnavarra.info\/visitnavarra\/ruta-ribera\/\">Contenido completo<\/a>[\/vc_column_text][\/vc_column][vc_column width=&#8221;1\/3&#8243;][vc_column_text]<\/p>\n<h3 style=\"text-align: center;\"><strong>Ruta Tierra Estella<\/strong><\/h3>\n<p>[\/vc_column_text]<div class=\"single_image wpb_content_element align-center    \" data-animation=\"none\" data-delay=\"0\"><img loading=\"lazy\" decoding=\"async\" width=\"350\" height=\"263\" src=\"https:\/\/visitnavarra.info\/visitnavarra\/wp-content\/uploads\/2020\/12\/Monasterio-Iranzu-350.jpg\" class=\"attachment-full\" alt=\"\" srcset=\"https:\/\/visitnavarra.info\/visitnavarra\/wp-content\/uploads\/2020\/12\/Monasterio-Iranzu-350.jpg 350w, https:\/\/visitnavarra.info\/visitnavarra\/wp-content\/uploads\/2020\/12\/Monasterio-Iranzu-350-300x225.jpg 300w\" sizes=\"auto, (max-width: 350px) 100vw, 350px\" \/><\/div>[vc_column_text]<strong>TIERRA ESTELLA:<\/strong> <strong>Monasterio de Irantzu- Nacedero del Urederra-Estella-Puente la Reina-Obanos-Ermita de Eunate<\/strong><\/p>\n<p>Tierra Estella es s\u00edmbolo de localidades hist\u00f3ricas, vinos exquisitos y la armon\u00eda de las sierras de Urbasa y And\u00eda, con una peculiaridad: ambas sierras son de propiedad comunal, es decir, cualquier navarro puede hacer uso gratu\u00edto de ellas. Si uno lo solicita, recibe el lote de le\u00f1a que le pertenece.<\/p>\n<p><a href=\"https:\/\/visitnavarra.info\/visitnavarra\/ruta-tierra-estella\/\">Contenido completo<\/a>[\/vc_column_text][\/vc_column][\/vc_row][vc_row][vc_column width=&#8221;1\/1&#8243;]<div class=\"divider-title align-center\" ><\/div>[\/vc_column][\/vc_row][vc_row][vc_column width=&#8221;1\/3&#8243;][vc_column_text]<\/p>\n<h3 style=\"text-align: center;\"><strong>Ruta Valles de Roncal y Salazar<\/strong><\/h3>\n<p>[\/vc_column_text]<div class=\"single_image wpb_content_element align-center    \" data-animation=\"none\" data-delay=\"0\"><img loading=\"lazy\" decoding=\"async\" width=\"350\" height=\"263\" src=\"https:\/\/visitnavarra.info\/visitnavarra\/wp-content\/uploads\/2020\/12\/Burgui-350.jpg\" class=\"attachment-full\" alt=\"\" srcset=\"https:\/\/visitnavarra.info\/visitnavarra\/wp-content\/uploads\/2020\/12\/Burgui-350.jpg 350w, https:\/\/visitnavarra.info\/visitnavarra\/wp-content\/uploads\/2020\/12\/Burgui-350-300x225.jpg 300w\" sizes=\"auto, (max-width: 350px) 100vw, 350px\" \/><\/div>[vc_column_text]<strong>VALLES DE RONCAL Y SALAZAR<\/strong><\/p>\n<p>En estos valles habitan paisajes escarpados envueltos en niebla y nieve, cumbres que superan los 2.000 metros acompa\u00f1ados de un verdor embriagador, bosques enmara\u00f1ados y el agua de sus r\u00edos. En Roncal y Salazar, el hombre ha pedido permiso a la naturaleza para vivir con ella. La villa pirenaica surge de casonas de piedra, tejados curvos inclinados a dos o cuatro aguas, entramados de marcos y vigas de madera, calles empedradas,\u2026<\/p>\n<p><a href=\"https:\/\/visitnavarra.info\/visitnavarra\/ruta-valles-de-roncal-y-salazar\/\">Contenido completo<\/a>[\/vc_column_text][\/vc_column][vc_column width=&#8221;1\/3&#8243;][vc_column_text]<\/p>\n<h3 style=\"text-align: center;\"><strong>Ruta Zona Media Este<\/strong><\/h3>\n<p>[\/vc_column_text]<div class=\"single_image wpb_content_element align-center    \" data-animation=\"none\" data-delay=\"0\"><img loading=\"lazy\" decoding=\"async\" width=\"350\" height=\"263\" src=\"https:\/\/visitnavarra.info\/visitnavarra\/wp-content\/uploads\/2020\/12\/Palacio-Vallesanto-350.jpg\" class=\"attachment-full\" alt=\"\" srcset=\"https:\/\/visitnavarra.info\/visitnavarra\/wp-content\/uploads\/2020\/12\/Palacio-Vallesanto-350.jpg 350w, https:\/\/visitnavarra.info\/visitnavarra\/wp-content\/uploads\/2020\/12\/Palacio-Vallesanto-350-300x225.jpg 300w\" sizes=\"auto, (max-width: 350px) 100vw, 350px\" \/><\/div>[vc_column_text]<strong>ZONA MEDIA ESTE: Sang\u00fcesa-Sos del Rey Cat\u00f3lico- Javier-Yesa-Monasterio de Leire<\/strong><\/p>\n<p>Dejamos Pamplona por la carretera Zaragoza-Madrid hasta el Km 6,8 donde emprendemos ruta hacia Huesca y Jaca. Nos dirigimos a la zona que constituye la mayor concentraci\u00f3n en Navarra de espacios calificados por Europa como Reservas Naturales. En este lugar, se mezcla la Naturaleza con el sello hist\u00f3rico, monumental y arquitect\u00f3nico de la mano del Hombre, que se siente en sus pueblos y, como no, en el Pantano de Yesa o Mar de los Pirineos.<\/p>\n<p><a href=\"https:\/\/visitnavarra.info\/visitnavarra\/ruta-zona-media-este\/\">Contenido completo<\/a>[\/vc_column_text][\/vc_column][vc_column width=&#8221;1\/3&#8243;][vc_column_text]<\/p>\n<h3 style=\"text-align: center;\"><strong>Ruta Zona Media<\/strong><\/h3>\n<p>[\/vc_column_text]<div class=\"single_image wpb_content_element align-center    \" data-animation=\"none\" data-delay=\"0\"><img loading=\"lazy\" decoding=\"async\" width=\"350\" height=\"263\" src=\"https:\/\/visitnavarra.info\/visitnavarra\/wp-content\/uploads\/2020\/12\/Palacio-Olite-350.jpg\" class=\"attachment-full\" alt=\"\" srcset=\"https:\/\/visitnavarra.info\/visitnavarra\/wp-content\/uploads\/2020\/12\/Palacio-Olite-350.jpg 350w, https:\/\/visitnavarra.info\/visitnavarra\/wp-content\/uploads\/2020\/12\/Palacio-Olite-350-300x225.jpg 300w\" sizes=\"auto, (max-width: 350px) 100vw, 350px\" \/><\/div>[vc_column_text]<strong>ZONA MEDIA: Mendigorr\u00eda-Artajona-Olite-San Mart\u00edn de Unx-Parque de Guerinda-Uju\u00e9<\/strong><\/p>\n<p>Zona media\u2026 Ni es Norte, ni es Ribera. Es la fuerza de la uni\u00f3n de los contrastes, de la ri\u00f1a de dos hermanos opuestos que se reunen al fin. Los bosques del norte desaparecen y en su lugar, reinan los campos de cultivo y vi\u00f1edos. Las monta\u00f1as quedan suavizadas siempre rodeadas por llanuras; las zonas des\u00e9rticas quedan estampadas por matorrales y un arbolado disperso.<\/p>\n<p><a href=\"https:\/\/visitnavarra.info\/visitnavarra\/ruta-zona-media\/\">Contenido completo<\/a>[\/vc_column_text][\/vc_column][\/vc_row][vc_row][vc_column width=&#8221;1\/1&#8243;]<div class=\"divider-title align-center\" ><\/div>[\/vc_column][\/vc_row]<\/p>\n","protected":false},"excerpt":{"rendered":"<p>[vc_row][vc_column width=&#8221;1\/1&#8243;][vc_column_text] En esta secci\u00f3n te mostramos una relaci\u00f3n de rutas que recorren Navarra de norte a sur: los Pirineos Atl\u00e1nticos y Orientales, los Valles de Aralar, Ulzama, Roncal y Salazar, Tierra Estella, Zona Media y la Ribera. [\/vc_column_text][\/vc_column][\/vc_row][vc_row][vc_column width=&#8221;1\/1&#8243;][\/vc_column][\/vc_row][vc_row][vc_column width=&#8221;1\/3&#8243;][vc_column_text] Ruta Aralar y el Valle de Ulzama [\/vc_column_text][vc_column_text] SIERRA DE ARALAR Y EL VALLE DE LA ULZAMA: San Miguel de Aralar-Nacedero del Larr\u00e1un-Robledal de Orgi Estas tierras son de una belleza espectacular, de nuevo sorprende el verdor de la Navarra H\u00fameda y el encanto de unos pueblos peque\u00f1os y ganaderos. En Aralar se conjuga el esplendor agresivo de las crestas de los montes copados con los m\u00e1s de 60 d\u00f3lmenes y en la Ulzama, el entorno se suaviza y los prados y valles crean una sensaci\u00f3n de paz dif\u00edcilmente igualable. Contenido completo[\/vc_column_text][\/vc_column][vc_column width=&#8221;1\/3&#8243;][vc_column_text] Ruta Entre Foces [\/vc_column_text][vc_column_text]FOZ DE LUMBIER Y FOZ DE ARBAIUN En la Foz de Lumbier o en la de Arbaiun, uno siente, indefenso, la fuerza de la Naturaleza. Nos golpea el poder del agua y la erosi\u00f3n, que durante millones de a\u00f1os, lograron cavar gargantas en la monta\u00f1a. Son parajes inaccesibles de paredes verticales, cauces profundos, roquedos surcados por grietas y cuevas, refugio de muchos animales, [&hellip;]<\/p>\n","protected":false},"author":1,"featured_media":0,"parent":0,"menu_order":0,"comment_status":"closed","ping_status":"closed","template":"","meta":{"footnotes":""},"class_list":["post-6530","page","type-page","status-publish","hentry"],"yoast_head":"<!-- This site is optimized with the Yoast SEO plugin v23.5 - https:\/\/yoast.com\/wordpress\/plugins\/seo\/ -->\n<title>Rutas por Navarra Rutas por Navarra - VisitNavarra<\/title>\n<meta name=\"description\" content=\"En esta secci\u00f3n te mostramos una relaci\u00f3n de rutas que recorren Navarra de norte a sur: los Pirineos Atl\u00e1nticos y Orientales, los Valles de\" \/>\n<meta name=\"robots\" content=\"index, follow, max-snippet:-1, max-image-preview:large, max-video-preview:-1\" \/>\n<link rel=\"canonical\" href=\"https:\/\/visitnavarra.info\/visitnavarra\/rutas-por-navarra\/\" \/>\n<meta property=\"og:locale\" content=\"es_ES\" \/>\n<meta property=\"og:type\" content=\"article\" \/>\n<meta property=\"og:title\" content=\"Rutas por Navarra Rutas por Navarra - VisitNavarra\" \/>\n<meta property=\"og:description\" content=\"En esta secci\u00f3n te mostramos una relaci\u00f3n de rutas que recorren Navarra de norte a sur: los Pirineos Atl\u00e1nticos y Orientales, los Valles de\" \/>\n<meta property=\"og:url\" content=\"https:\/\/visitnavarra.info\/visitnavarra\/rutas-por-navarra\/\" \/>\n<meta property=\"og:site_name\" content=\"VisitNavarra\" \/>\n<meta property=\"article:modified_time\" content=\"2021-02-23T10:59:48+00:00\" \/>\n<meta name=\"twitter:card\" content=\"summary_large_image\" \/>\n<meta name=\"twitter:label1\" content=\"Tiempo de lectura\" \/>\n\t<meta name=\"twitter:data1\" content=\"5 minutos\" \/>\n<script type=\"application\/ld+json\" class=\"yoast-schema-graph\">{\"@context\":\"https:\/\/schema.org\",\"@graph\":[{\"@type\":\"WebPage\",\"@id\":\"https:\/\/visitnavarra.info\/visitnavarra\/rutas-por-navarra\/\",\"url\":\"https:\/\/visitnavarra.info\/visitnavarra\/rutas-por-navarra\/\",\"name\":\"Rutas por Navarra Rutas por Navarra - VisitNavarra\",\"isPartOf\":{\"@id\":\"https:\/\/visitnavarra.info\/visitnavarra\/#website\"},\"datePublished\":\"2020-09-03T08:31:04+00:00\",\"dateModified\":\"2021-02-23T10:59:48+00:00\",\"description\":\"En esta secci\u00f3n te mostramos una relaci\u00f3n de rutas que recorren Navarra de norte a sur: los Pirineos Atl\u00e1nticos y Orientales, los Valles de\",\"breadcrumb\":{\"@id\":\"https:\/\/visitnavarra.info\/visitnavarra\/rutas-por-navarra\/#breadcrumb\"},\"inLanguage\":\"es\",\"potentialAction\":[{\"@type\":\"ReadAction\",\"target\":[\"https:\/\/visitnavarra.info\/visitnavarra\/rutas-por-navarra\/\"]}]},{\"@type\":\"BreadcrumbList\",\"@id\":\"https:\/\/visitnavarra.info\/visitnavarra\/rutas-por-navarra\/#breadcrumb\",\"itemListElement\":[{\"@type\":\"ListItem\",\"position\":1,\"name\":\"Portada\",\"item\":\"https:\/\/visitnavarra.info\/visitnavarra\/\"},{\"@type\":\"ListItem\",\"position\":2,\"name\":\"Rutas por Navarra\"}]},{\"@type\":\"WebSite\",\"@id\":\"https:\/\/visitnavarra.info\/visitnavarra\/#website\",\"url\":\"https:\/\/visitnavarra.info\/visitnavarra\/\",\"name\":\"VisitNavarra\",\"description\":\"Alojamiento y experiencias tur\u00edsticas en Navarra; qu\u00e9 visitar en Navarra; comer en Navarra\",\"potentialAction\":[{\"@type\":\"SearchAction\",\"target\":{\"@type\":\"EntryPoint\",\"urlTemplate\":\"https:\/\/visitnavarra.info\/visitnavarra\/?s={search_term_string}\"},\"query-input\":{\"@type\":\"PropertyValueSpecification\",\"valueRequired\":true,\"valueName\":\"search_term_string\"}}],\"inLanguage\":\"es\"}]}<\/script>\n<!-- \/ Yoast SEO plugin. -->","yoast_head_json":{"title":"Rutas por Navarra Rutas por Navarra - VisitNavarra","description":"En esta secci\u00f3n te mostramos una relaci\u00f3n de rutas que recorren Navarra de norte a sur: los Pirineos Atl\u00e1nticos y Orientales, los Valles de","robots":{"index":"index","follow":"follow","max-snippet":"max-snippet:-1","max-image-preview":"max-image-preview:large","max-video-preview":"max-video-preview:-1"},"canonical":"https:\/\/visitnavarra.info\/visitnavarra\/rutas-por-navarra\/","og_locale":"es_ES","og_type":"article","og_title":"Rutas por Navarra Rutas por Navarra - VisitNavarra","og_description":"En esta secci\u00f3n te mostramos una relaci\u00f3n de rutas que recorren Navarra de norte a sur: los Pirineos Atl\u00e1nticos y Orientales, los Valles de","og_url":"https:\/\/visitnavarra.info\/visitnavarra\/rutas-por-navarra\/","og_site_name":"VisitNavarra","article_modified_time":"2021-02-23T10:59:48+00:00","twitter_card":"summary_large_image","twitter_misc":{"Tiempo de lectura":"5 minutos"},"schema":{"@context":"https:\/\/schema.org","@graph":[{"@type":"WebPage","@id":"https:\/\/visitnavarra.info\/visitnavarra\/rutas-por-navarra\/","url":"https:\/\/visitnavarra.info\/visitnavarra\/rutas-por-navarra\/","name":"Rutas por Navarra Rutas por Navarra - VisitNavarra","isPartOf":{"@id":"https:\/\/visitnavarra.info\/visitnavarra\/#website"},"datePublished":"2020-09-03T08:31:04+00:00","dateModified":"2021-02-23T10:59:48+00:00","description":"En esta secci\u00f3n te mostramos una relaci\u00f3n de rutas que recorren Navarra de norte a sur: los Pirineos Atl\u00e1nticos y Orientales, los Valles de","breadcrumb":{"@id":"https:\/\/visitnavarra.info\/visitnavarra\/rutas-por-navarra\/#breadcrumb"},"inLanguage":"es","potentialAction":[{"@type":"ReadAction","target":["https:\/\/visitnavarra.info\/visitnavarra\/rutas-por-navarra\/"]}]},{"@type":"BreadcrumbList","@id":"https:\/\/visitnavarra.info\/visitnavarra\/rutas-por-navarra\/#breadcrumb","itemListElement":[{"@type":"ListItem","position":1,"name":"Portada","item":"https:\/\/visitnavarra.info\/visitnavarra\/"},{"@type":"ListItem","position":2,"name":"Rutas por Navarra"}]},{"@type":"WebSite","@id":"https:\/\/visitnavarra.info\/visitnavarra\/#website","url":"https:\/\/visitnavarra.info\/visitnavarra\/","name":"VisitNavarra","description":"Alojamiento y experiencias tur\u00edsticas en Navarra; qu\u00e9 visitar en Navarra; comer en Navarra","potentialAction":[{"@type":"SearchAction","target":{"@type":"EntryPoint","urlTemplate":"https:\/\/visitnavarra.info\/visitnavarra\/?s={search_term_string}"},"query-input":{"@type":"PropertyValueSpecification","valueRequired":true,"valueName":"search_term_string"}}],"inLanguage":"es"}]}},"_links":{"self":[{"href":"https:\/\/visitnavarra.info\/visitnavarra\/wp-json\/wp\/v2\/pages\/6530","targetHints":{"allow":["GET"]}}],"collection":[{"href":"https:\/\/visitnavarra.info\/visitnavarra\/wp-json\/wp\/v2\/pages"}],"about":[{"href":"https:\/\/visitnavarra.info\/visitnavarra\/wp-json\/wp\/v2\/types\/page"}],"author":[{"embeddable":true,"href":"https:\/\/visitnavarra.info\/visitnavarra\/wp-json\/wp\/v2\/users\/1"}],"replies":[{"embeddable":true,"href":"https:\/\/visitnavarra.info\/visitnavarra\/wp-json\/wp\/v2\/comments?post=6530"}],"version-history":[{"count":36,"href":"https:\/\/visitnavarra.info\/visitnavarra\/wp-json\/wp\/v2\/pages\/6530\/revisions"}],"predecessor-version":[{"id":7642,"href":"https:\/\/visitnavarra.info\/visitnavarra\/wp-json\/wp\/v2\/pages\/6530\/revisions\/7642"}],"wp:attachment":[{"href":"https:\/\/visitnavarra.info\/visitnavarra\/wp-json\/wp\/v2\/media?parent=6530"}],"curies":[{"name":"wp","href":"https:\/\/api.w.org\/{rel}","templated":true}]}}