{"id":8447,"date":"2020-12-24T13:54:00","date_gmt":"2020-12-24T13:54:00","guid":{"rendered":"https:\/\/visitnavarra.info\/visitnavarra\/?page_id=8447"},"modified":"2020-12-24T13:54:00","modified_gmt":"2020-12-24T13:54:00","slug":"rutas-de-senderismo-vias-verdes","status":"publish","type":"page","link":"https:\/\/visitnavarra.info\/visitnavarra\/rutas-de-senderismo-vias-verdes\/","title":{"rendered":"Rutas de Senderismo | V\u00edas Verdes"},"content":{"rendered":"<p>[vc_row][vc_column width=&#8221;1\/1&#8243;][vc_column_text]<\/p>\n<h1 style=\"text-align: center;\">Rutas de Senderismo | V\u00edas Verdes<\/h1>\n<p>[\/vc_column_text]<h1 class=\"headline font-inherit fontsize-inherit fontweight-inherit lh-inherit align-center transform-inherit \" style=\"margin: 0 0 20px 0;\"><\/h1>[\/vc_column][\/vc_row][vc_row][vc_column width=&#8221;1\/1&#8243;]<div class=\"single_image wpb_content_element align-center    \" data-animation=\"none\" data-delay=\"0\"><img loading=\"lazy\" decoding=\"async\" width=\"1000\" height=\"960\" src=\"https:\/\/visitnavarra.info\/visitnavarra\/wp-content\/uploads\/2020\/12\/lloyd-dirks-mAmAvhrUhCI-unsplash-1.jpg\" class=\"attachment-full\" alt=\"\" srcset=\"https:\/\/visitnavarra.info\/visitnavarra\/wp-content\/uploads\/2020\/12\/lloyd-dirks-mAmAvhrUhCI-unsplash-1.jpg 1000w, https:\/\/visitnavarra.info\/visitnavarra\/wp-content\/uploads\/2020\/12\/lloyd-dirks-mAmAvhrUhCI-unsplash-1-300x288.jpg 300w, https:\/\/visitnavarra.info\/visitnavarra\/wp-content\/uploads\/2020\/12\/lloyd-dirks-mAmAvhrUhCI-unsplash-1-768x737.jpg 768w\" sizes=\"auto, (max-width: 1000px) 100vw, 1000px\" \/><\/div><h1 class=\"headline font-inherit fontsize-inherit fontweight-inherit lh-inherit align-center transform-inherit \" style=\"margin: 0 0 20px 0;\"><\/h1>[\/vc_column][\/vc_row][vc_row][vc_column width=&#8221;1\/1&#8243;][vc_column_text el_id=&#8221;ruta51&#8243;]<\/p>\n<h2><strong>Ruta 51 V\u00eda verde del Plazaola<\/strong><\/h2>\n<p>[\/vc_column_text][\/vc_column][\/vc_row][vc_row][vc_column width=&#8221;1\/1&#8243;][vc_column_text]<\/p>\n<ul>\n<li>Salida Lekunberri<\/li>\n<li>Distancia 4,5 km<\/li>\n<li>Desnivel 7 m<\/li>\n<\/ul>\n<p><em>SENDERO DE TR\u00c1NSITO MUY ACCESIBLE, CONSTRUIDO A PARTIR DE LA VIEJA ESTRUCTURA DEL TREN DE V\u00cdA ESTRECHA DEL PLAZAOLA QUE UN\u00cdA MUGIRO Y ANDOAIN. EST\u00c1 SALPICADO DE BELLOS PAISAJES QUE HACEN TODAV\u00cdA M\u00c1S AGRADABLE EL RECORRIDO, IDEAL TAMBI<\/em>\u00c9N PARA BICI.<\/p>\n<p>La ruta comienza en la estaci\u00f3n del Plazaola, que actualmente alberga la oficina de informaci\u00f3n sobre la v\u00eda verde. Seguimos por la carretera, y a la izquierda tomamos el desv\u00edo en el que se inicia el camino. A la derecha subimos una escalera que nos conduce hacia un mirador con estupendas panor\u00e1micas de Lekunberri y las Malloas. Seguimos y cruzamos el primer t\u00fanel de la v\u00eda; el camino baja a la izquierda, y transitamos ahora por una pista cementada, hasta cruzar la autov\u00eda por un pasadizo. Al salir seguimos por la izquierda y andamos por un desfiladero entre taludes verticales. Se accede a unos prados a la derecha, separados por una alambrada, que finalizan en un \u00e1rea de descanso. Se transita brevemente por la autov\u00eda, con la silueta recortada de las Malloas al fondo. Pasamos por un robledal, tomamos un sendero a la derecha que nos conduce a una carbonera. Nos adentramos por dos t\u00faneles y saludamos a la carretera que sube a Uitzi. Seguimos el camino con una barandilla de hierro que nos separa de la ladera, hasta llegar a una se\u00f1al que desv\u00eda a Gorriti. Continuamos por el camino, que a los 5 min desemboca en la carretera. Seguimos por el arc\u00e9n, antes de retomar el sendero que nos conduce a la estaci\u00f3n de Uitzi, muy bien conservada. Una baliza indica el camino: tras torcer a la izquierda, llegamos a la boca del t\u00fanel (casi 3 km de t\u00fanel en oscuridad) El camino se puede seguir por la carretera hasta Uitzi o por un camino que remonta a la derecha.<\/p>\n<h3>de Inter\u00e9s<\/h3>\n<h3>Las Malloas<\/h3>\n<p>Esta cadena monta\u00f1osa, situada en la Sierra de Aralar, ofrece una imponente figura en forma de media luna desde la que se divisa a la perfecci\u00f3n el valle de Araitz. Flanqueadas por las cumbres del Balerdi y del Tutturre, las Malloas siempre han sido objeto de deseo para practicar el monta\u00f1ismo; anta\u00f1o estaban surcadas por puertos, caminos bien trazados por la ganader\u00eda que sub\u00eda a pastar a las cimas (hoy en desuso).<\/p>\n<h3>C\u00f3mo llegar<\/h3>\n<p>Dirigirse por la A-15 direcci\u00f3n Donostia-San Sebasti\u00e1n hasta la salida de Lekunberri[\/vc_column_text]<h1 class=\"headline font-inherit fontsize-inherit fontweight-inherit lh-inherit align-center transform-inherit \" style=\"margin: 0 0 20px 0;\"><\/h1>[\/vc_column][\/vc_row][vc_row][vc_column width=&#8221;1\/1&#8243;][vc_column_text el_id=&#8221;ruta52&#8243;]<\/p>\n<h2><strong>Ruta 52 V\u00eda Verde del Tarazonica<\/strong><\/h2>\n<p>[\/vc_column_text][\/vc_column][\/vc_row][vc_row][vc_column width=&#8221;1\/1&#8243;][vc_column_text]<\/p>\n<ul>\n<li>Salida Tudela<\/li>\n<li>Distancia 13,02 km<\/li>\n<li>Desnivel 110 m<\/li>\n<\/ul>\n<p><em>SENDERO ACONDICIONADO SOBRE LA ANTIGUA L\u00cdNEA F\u00c9RREA QUE UN\u00cdA TUDELA CON TARAZONA, Y QUE ES UNA EXCELENTE OPORTUNIDAD PARA CONOCER EL SUR NAVARRO CON LA IMPONENTE SILUETA DEL MONCAYO RECORTADA EN EL HORIZONTE.<\/em><\/p>\n<p>El recorrido comienza en la estaci\u00f3n de RENFE de Tudela. Al llegar a una rotonda se encuentra el cruce con el Camino de Santiago del Ebro, marcado con flechas en sentido inverso a nuestra marcha. Tras divisar una antigua locomotora, se siguen los trazos verdes del suelo hasta salir de Tudela. Despu\u00e9s de atravesar un peque\u00f1o puente con barandilla, giramos a la izquierda y comienza el largo camino por el que circularemos. El Moncayo comienza a divisarse a la derecha, mientras por las m\u00e1rgenes del camino van quedando atr\u00e1s huertas, frutales, campos de cultivo\u2026 A los 4 km se llega a un \u00e1rea de descanso acondicionada con materiales de ferrocarril; posteriormente se cruza la carretera NA-3010 Tudela-Ablitas por una pasarela elevada, desde la que se ven los olivares en el Valle del Queiles, se atraviesa el Canal de Lodosa y continuamos por la v\u00eda. Se pasa por un t\u00fanel bajo la autopista, y en el camino dejamos a la derecha la antigua estaci\u00f3n de Murchante, con un \u00e1rea de descanso. Tras un suave descenso se gira levemente a la izquierda, y se divisan los restos del despoblado de Urzante. Pasamos frente a Cascante y su abandonada estaci\u00f3n. El trazado se vuelve m\u00e1s sinuoso y atraviesa varios campos de frutales. Una pista cruza a la entrada de Tulebras, localidad en la que concluye el recorrido, con la visita casi obligatoria al bello monasterio cisterciense de Tulebras.<\/p>\n<h3>de Inter\u00e9s<\/h3>\n<h3>El ocaso de una l\u00ednea<\/h3>\n<p>El trazado de la v\u00eda del Taraz\u00f3nica, que entr\u00f3 en vigor en 1885, atravesaba 12 km de Navarra y 11 km de Arag\u00f3n. Contaba con seis estaciones (Tudela, Murchante, Cascante, Tulebras, Mal\u00f3n y Tarazona), y la lentitud del ferrocarril le vali\u00f3 el apodo de \u2018Escachamatas\u2019. En 1953 se ensancharon los ra\u00edles de la v\u00eda, pero entr\u00f3 en decadencia y la l\u00ednea se cerr\u00f3 en 1972.<\/p>\n<h3>C\u00f3mo llegar<\/h3>\n<p>AP-15 hacia Zaragoza, salida Tudela Centro. Seguir hasta la estaci\u00f3n por la N-232[\/vc_column_text]<h1 class=\"headline font-inherit fontsize-inherit fontweight-inherit lh-inherit align-center transform-inherit \" style=\"margin: 0 0 20px 0;\"><\/h1>[\/vc_column][\/vc_row]<\/p>\n","protected":false},"excerpt":{"rendered":"<p>[vc_row][vc_column width=&#8221;1\/1&#8243;][vc_column_text] Rutas de Senderismo | V\u00edas Verdes [\/vc_column_text][\/vc_column][\/vc_row][vc_row][vc_column width=&#8221;1\/1&#8243;][\/vc_column][\/vc_row][vc_row][vc_column width=&#8221;1\/1&#8243;][vc_column_text el_id=&#8221;ruta51&#8243;] Ruta 51 V\u00eda verde del Plazaola [\/vc_column_text][\/vc_column][\/vc_row][vc_row][vc_column width=&#8221;1\/1&#8243;][vc_column_text] Salida Lekunberri Distancia 4,5 km Desnivel 7 m SENDERO DE TR\u00c1NSITO MUY ACCESIBLE, CONSTRUIDO A PARTIR DE LA VIEJA ESTRUCTURA DEL TREN DE V\u00cdA ESTRECHA DEL PLAZAOLA QUE UN\u00cdA MUGIRO Y ANDOAIN. EST\u00c1 SALPICADO DE BELLOS PAISAJES QUE HACEN TODAV\u00cdA M\u00c1S AGRADABLE EL RECORRIDO, IDEAL TAMBI\u00c9N PARA BICI. La ruta comienza en la estaci\u00f3n del Plazaola, que actualmente alberga la oficina de informaci\u00f3n sobre la v\u00eda verde. Seguimos por la carretera, y a la izquierda tomamos el desv\u00edo en el que se inicia el camino. A la derecha subimos una escalera que nos conduce hacia un mirador con estupendas panor\u00e1micas de Lekunberri y las Malloas. Seguimos y cruzamos el primer t\u00fanel de la v\u00eda; el camino baja a la izquierda, y transitamos ahora por una pista cementada, hasta cruzar la autov\u00eda por un pasadizo. Al salir seguimos por la izquierda y andamos por un desfiladero entre taludes verticales. Se accede a unos prados a la derecha, separados por una alambrada, que finalizan en un \u00e1rea de descanso. Se transita brevemente por la autov\u00eda, con la silueta recortada de las Malloas [&hellip;]<\/p>\n","protected":false},"author":1,"featured_media":0,"parent":0,"menu_order":0,"comment_status":"closed","ping_status":"closed","template":"","meta":{"footnotes":""},"class_list":["post-8447","page","type-page","status-publish","hentry"],"yoast_head":"<!-- This site is optimized with the Yoast SEO plugin v23.5 - https:\/\/yoast.com\/wordpress\/plugins\/seo\/ -->\n<title>Rutas de Senderismo las V\u00edas Verdes - VisitNavarra<\/title>\n<meta name=\"description\" content=\"Rutas de Senderismo las V\u00edas Verdes. V\u00eda verde del Plazaola y V\u00eda verde del Tarazonica.\" \/>\n<meta name=\"robots\" content=\"index, follow, max-snippet:-1, max-image-preview:large, max-video-preview:-1\" \/>\n<link rel=\"canonical\" href=\"https:\/\/visitnavarra.info\/visitnavarra\/rutas-de-senderismo-vias-verdes\/\" \/>\n<meta property=\"og:locale\" content=\"es_ES\" \/>\n<meta property=\"og:type\" content=\"article\" \/>\n<meta property=\"og:title\" content=\"Rutas de Senderismo las V\u00edas Verdes - VisitNavarra\" \/>\n<meta property=\"og:description\" content=\"Rutas de Senderismo las V\u00edas Verdes. V\u00eda verde del Plazaola y V\u00eda verde del Tarazonica.\" \/>\n<meta property=\"og:url\" content=\"https:\/\/visitnavarra.info\/visitnavarra\/rutas-de-senderismo-vias-verdes\/\" \/>\n<meta property=\"og:site_name\" content=\"VisitNavarra\" \/>\n<meta name=\"twitter:card\" content=\"summary_large_image\" \/>\n<meta name=\"twitter:label1\" content=\"Tiempo de lectura\" \/>\n\t<meta name=\"twitter:data1\" content=\"5 minutos\" \/>\n<script type=\"application\/ld+json\" class=\"yoast-schema-graph\">{\"@context\":\"https:\/\/schema.org\",\"@graph\":[{\"@type\":\"WebPage\",\"@id\":\"https:\/\/visitnavarra.info\/visitnavarra\/rutas-de-senderismo-vias-verdes\/\",\"url\":\"https:\/\/visitnavarra.info\/visitnavarra\/rutas-de-senderismo-vias-verdes\/\",\"name\":\"Rutas de Senderismo las V\u00edas Verdes - VisitNavarra\",\"isPartOf\":{\"@id\":\"https:\/\/visitnavarra.info\/visitnavarra\/#website\"},\"datePublished\":\"2020-12-24T13:54:00+00:00\",\"dateModified\":\"2020-12-24T13:54:00+00:00\",\"description\":\"Rutas de Senderismo las V\u00edas Verdes. V\u00eda verde del Plazaola y V\u00eda verde del Tarazonica.\",\"breadcrumb\":{\"@id\":\"https:\/\/visitnavarra.info\/visitnavarra\/rutas-de-senderismo-vias-verdes\/#breadcrumb\"},\"inLanguage\":\"es\",\"potentialAction\":[{\"@type\":\"ReadAction\",\"target\":[\"https:\/\/visitnavarra.info\/visitnavarra\/rutas-de-senderismo-vias-verdes\/\"]}]},{\"@type\":\"BreadcrumbList\",\"@id\":\"https:\/\/visitnavarra.info\/visitnavarra\/rutas-de-senderismo-vias-verdes\/#breadcrumb\",\"itemListElement\":[{\"@type\":\"ListItem\",\"position\":1,\"name\":\"Portada\",\"item\":\"https:\/\/visitnavarra.info\/visitnavarra\/\"},{\"@type\":\"ListItem\",\"position\":2,\"name\":\"Rutas de Senderismo | V\u00edas Verdes\"}]},{\"@type\":\"WebSite\",\"@id\":\"https:\/\/visitnavarra.info\/visitnavarra\/#website\",\"url\":\"https:\/\/visitnavarra.info\/visitnavarra\/\",\"name\":\"VisitNavarra\",\"description\":\"Alojamiento y experiencias tur\u00edsticas en Navarra; qu\u00e9 visitar en Navarra; comer en Navarra\",\"potentialAction\":[{\"@type\":\"SearchAction\",\"target\":{\"@type\":\"EntryPoint\",\"urlTemplate\":\"https:\/\/visitnavarra.info\/visitnavarra\/?s={search_term_string}\"},\"query-input\":{\"@type\":\"PropertyValueSpecification\",\"valueRequired\":true,\"valueName\":\"search_term_string\"}}],\"inLanguage\":\"es\"}]}<\/script>\n<!-- \/ Yoast SEO plugin. -->","yoast_head_json":{"title":"Rutas de Senderismo las V\u00edas Verdes - VisitNavarra","description":"Rutas de Senderismo las V\u00edas Verdes. V\u00eda verde del Plazaola y V\u00eda verde del Tarazonica.","robots":{"index":"index","follow":"follow","max-snippet":"max-snippet:-1","max-image-preview":"max-image-preview:large","max-video-preview":"max-video-preview:-1"},"canonical":"https:\/\/visitnavarra.info\/visitnavarra\/rutas-de-senderismo-vias-verdes\/","og_locale":"es_ES","og_type":"article","og_title":"Rutas de Senderismo las V\u00edas Verdes - VisitNavarra","og_description":"Rutas de Senderismo las V\u00edas Verdes. V\u00eda verde del Plazaola y V\u00eda verde del Tarazonica.","og_url":"https:\/\/visitnavarra.info\/visitnavarra\/rutas-de-senderismo-vias-verdes\/","og_site_name":"VisitNavarra","twitter_card":"summary_large_image","twitter_misc":{"Tiempo de lectura":"5 minutos"},"schema":{"@context":"https:\/\/schema.org","@graph":[{"@type":"WebPage","@id":"https:\/\/visitnavarra.info\/visitnavarra\/rutas-de-senderismo-vias-verdes\/","url":"https:\/\/visitnavarra.info\/visitnavarra\/rutas-de-senderismo-vias-verdes\/","name":"Rutas de Senderismo las V\u00edas Verdes - VisitNavarra","isPartOf":{"@id":"https:\/\/visitnavarra.info\/visitnavarra\/#website"},"datePublished":"2020-12-24T13:54:00+00:00","dateModified":"2020-12-24T13:54:00+00:00","description":"Rutas de Senderismo las V\u00edas Verdes. V\u00eda verde del Plazaola y V\u00eda verde del Tarazonica.","breadcrumb":{"@id":"https:\/\/visitnavarra.info\/visitnavarra\/rutas-de-senderismo-vias-verdes\/#breadcrumb"},"inLanguage":"es","potentialAction":[{"@type":"ReadAction","target":["https:\/\/visitnavarra.info\/visitnavarra\/rutas-de-senderismo-vias-verdes\/"]}]},{"@type":"BreadcrumbList","@id":"https:\/\/visitnavarra.info\/visitnavarra\/rutas-de-senderismo-vias-verdes\/#breadcrumb","itemListElement":[{"@type":"ListItem","position":1,"name":"Portada","item":"https:\/\/visitnavarra.info\/visitnavarra\/"},{"@type":"ListItem","position":2,"name":"Rutas de Senderismo | V\u00edas Verdes"}]},{"@type":"WebSite","@id":"https:\/\/visitnavarra.info\/visitnavarra\/#website","url":"https:\/\/visitnavarra.info\/visitnavarra\/","name":"VisitNavarra","description":"Alojamiento y experiencias tur\u00edsticas en Navarra; qu\u00e9 visitar en Navarra; comer en Navarra","potentialAction":[{"@type":"SearchAction","target":{"@type":"EntryPoint","urlTemplate":"https:\/\/visitnavarra.info\/visitnavarra\/?s={search_term_string}"},"query-input":{"@type":"PropertyValueSpecification","valueRequired":true,"valueName":"search_term_string"}}],"inLanguage":"es"}]}},"_links":{"self":[{"href":"https:\/\/visitnavarra.info\/visitnavarra\/wp-json\/wp\/v2\/pages\/8447","targetHints":{"allow":["GET"]}}],"collection":[{"href":"https:\/\/visitnavarra.info\/visitnavarra\/wp-json\/wp\/v2\/pages"}],"about":[{"href":"https:\/\/visitnavarra.info\/visitnavarra\/wp-json\/wp\/v2\/types\/page"}],"author":[{"embeddable":true,"href":"https:\/\/visitnavarra.info\/visitnavarra\/wp-json\/wp\/v2\/users\/1"}],"replies":[{"embeddable":true,"href":"https:\/\/visitnavarra.info\/visitnavarra\/wp-json\/wp\/v2\/comments?post=8447"}],"version-history":[{"count":1,"href":"https:\/\/visitnavarra.info\/visitnavarra\/wp-json\/wp\/v2\/pages\/8447\/revisions"}],"predecessor-version":[{"id":8452,"href":"https:\/\/visitnavarra.info\/visitnavarra\/wp-json\/wp\/v2\/pages\/8447\/revisions\/8452"}],"wp:attachment":[{"href":"https:\/\/visitnavarra.info\/visitnavarra\/wp-json\/wp\/v2\/media?parent=8447"}],"curies":[{"name":"wp","href":"https:\/\/api.w.org\/{rel}","templated":true}]}}